{"id":3893,"date":"2026-08-30T11:56:14","date_gmt":"2026-08-30T16:56:14","guid":{"rendered":"https:\/\/profenligne.ca\/?post_type=product&#038;p=3893"},"modified":"2026-08-30T11:56:15","modified_gmt":"2026-08-30T16:56:15","slug":"reconnaissance-du-personnel-scolaire","status":"publish","type":"product","link":"https:\/\/profenligne.ca\/en\/product\/reconnaissance-du-personnel-scolaire\/","title":{"rendered":"Reconnaissance du personnel scolaire"},"content":{"rendered":"<p>Une petite attention peut faire toute la diff\u00e9rence !<\/p>\n<p>Ce document a \u00e9t\u00e9 con\u00e7u pour permettre aux \u00e9l\u00e8ves de <strong>souligner et remercier les personnes extraordinaires qui contribuent chaque jour \u00e0 la vie de leur \u00e9cole<\/strong>.<\/p>\n<p>Il peut \u00eatre utilis\u00e9 \u00e0 diff\u00e9rents moments de l\u2019ann\u00e9e pour c\u00e9l\u00e9brer la semaine des :<\/p>\n<ul>\n<li>Enseignant(e)s<\/li>\n<li>Directions<\/li>\n<li>Membres du personnel de soutien<\/li>\n<li>Secr\u00e9taires<\/li>\n<li>Membres du personnel du service de garde<\/li>\n<li>Et bien plus encore !<\/li>\n<\/ul>\n<p>Les \u00e9l\u00e8ves compl\u00e8tent une fiche personnalis\u00e9e dans laquelle ils peuvent exprimer leur reconnaissance, nommer les qualit\u00e9s de la personne choisie et expliquer pourquoi celle-ci est importante pour leur \u00e9cole.<\/p>\n<p>Plusieurs versions sont incluses afin de pouvoir utiliser l\u2019activit\u00e9 avec diff\u00e9rents membres du personnel :<\/p>\n<ul>\n<li>\u00a0Versions masculine et f\u00e9minine<\/li>\n<li>Versions avec tutoiement et vouvoiement<\/li>\n<li>Fiches de reconnaissance \u00ab H\u00e9ros de notre \u00e9cole \u00bb<\/li>\n<li>\u00c9toiles de remerciement \u00e0 compl\u00e9ter par les \u00e9l\u00e8ves<\/li>\n<\/ul>\n<p><u>Une proposition d\u2019activit\u00e9 pour cr\u00e9er une belle surprise :<\/u><\/p>\n<p>Les \u00e9l\u00e8ves peuvent compl\u00e9ter les petites \u00e9toiles en inscrivant le nom d\u2019une personne qu\u2019ils souhaitent remercier et la raison pour laquelle ils l\u2019appr\u00e9cient. Il suffit ensuite de r\u00e9unir les \u00e9toiles et de les coller sur la porte de son local pour lui pr\u00e9parer une belle surprise !<\/p>\n<p>Une activit\u00e9 simple, rapide et bienveillante, parfaite pour mettre en lumi\u00e8re toutes ces personnes qui font de l\u2019\u00e9cole un endroit si sp\u00e9cial.<\/p>\n<p>\u00c0 utiliser encore et encore, tout au long de l\u2019ann\u00e9e, pour c\u00e9l\u00e9brer les h\u00e9ros de votre \u00e9cole !<\/p>","protected":false},"excerpt":{"rendered":"<p>Une petite attention peut faire toute la diff\u00e9rence ! Ce document a \u00e9t\u00e9 con\u00e7u pour permettre aux \u00e9l\u00e8ves de souligner et remercier les personnes extraordinaires qui contribuent chaque jour \u00e0 la vie de leur \u00e9cole. Il peut \u00eatre utilis\u00e9 \u00e0 diff\u00e9rents moments de l\u2019ann\u00e9e pour c\u00e9l\u00e9brer la semaine des : Enseignant(e)s Directions Membres du personnel&#8230;<\/p>","protected":false},"featured_media":3897,"template":"","meta":{"_kad_post_transparent":"default","_kad_post_title":"","_kad_post_layout":"default","_kad_post_sidebar_id":"","_kad_post_content_style":"default","_kad_post_vertical_padding":"default","_kad_post_feature":"","_kad_post_feature_position":"","_kad_post_header":false,"_kad_post_footer":false},"product_brand":[],"product_cat":[39,37,38,50],"product_tag":[82,679,674,64,676,675,677,678],"class_list":["post-3893","product","type-product","status-publish","has-post-thumbnail","product_cat-1er-cycle","product_cat-2e-cycle","product_cat-3e-cycle","product_cat-rentree-scolaire","product_tag-activite","product_tag-merci","product_tag-reconnaissance","product_tag-rentree-scolaire","product_tag-semaine-des-directions","product_tag-semaine-des-enseignants","product_tag-semaine-du-personnel-de-soutien","product_tag-service-de-garde","first","instock","downloadable","virtual","purchasable","product-type-simple","entry","content-bg","loop-entry"],"jetpack_sharing_enabled":true,"_links":{"self":[{"href":"https:\/\/profenligne.ca\/en\/wp-json\/wp\/v2\/product\/3893","targetHints":{"allow":["GET"]}}],"collection":[{"href":"https:\/\/profenligne.ca\/en\/wp-json\/wp\/v2\/product"}],"about":[{"href":"https:\/\/profenligne.ca\/en\/wp-json\/wp\/v2\/types\/product"}],"version-history":[{"count":1,"href":"https:\/\/profenligne.ca\/en\/wp-json\/wp\/v2\/product\/3893\/revisions"}],"predecessor-version":[{"id":3898,"href":"https:\/\/profenligne.ca\/en\/wp-json\/wp\/v2\/product\/3893\/revisions\/3898"}],"wp:featuredmedia":[{"embeddable":true,"href":"https:\/\/profenligne.ca\/en\/wp-json\/wp\/v2\/media\/3897"}],"wp:attachment":[{"href":"https:\/\/profenligne.ca\/en\/wp-json\/wp\/v2\/media?parent=3893"}],"wp:term":[{"taxonomy":"product_brand","embeddable":true,"href":"https:\/\/profenligne.ca\/en\/wp-json\/wp\/v2\/product_brand?post=3893"},{"taxonomy":"product_cat","embeddable":true,"href":"https:\/\/profenligne.ca\/en\/wp-json\/wp\/v2\/product_cat?post=3893"},{"taxonomy":"product_tag","embeddable":true,"href":"https:\/\/profenligne.ca\/en\/wp-json\/wp\/v2\/product_tag?post=3893"}],"curies":[{"name":"wp","href":"https:\/\/api.w.org\/{rel}","templated":true}]}}